{"id":4732,"date":"2021-04-26T10:19:08","date_gmt":"2021-04-26T10:19:08","guid":{"rendered":"https:\/\/hainaut.sudradio.net\/?page_id=4732"},"modified":"2025-11-24T14:04:00","modified_gmt":"2025-11-24T14:04:00","slug":"test","status":"publish","type":"page","link":"https:\/\/hainaut.sudradio.net\/?page_id=4732","title":{"rendered":"Programmes"},"content":{"rendered":"\n<h2 class=\"wp-block-heading has-large-font-size\">Programme de la semaine<\/h2>\n\n\n\n<figure class=\"wp-block-table is-style-regular estGrillePrg\"><table class=\"has-fixed-layout\"><tbody><tr><td class=\"has-text-align-center\" data-align=\"center\"><img loading=\"lazy\" decoding=\"async\" width=\"200\" height=\"200\" class=\"wp-image-1962\" style=\"width: 200px;\" src=\"https:\/\/hainaut.sudradio.net\/wp-content\/uploads\/2021\/01\/les_infos_insta20.png\" alt=\"\" srcset=\"https:\/\/hainaut.sudradio.net\/wp-content\/uploads\/2021\/01\/les_infos_insta20.png 1080w, https:\/\/hainaut.sudradio.net\/wp-content\/uploads\/2021\/01\/les_infos_insta20-300x300.png 300w, https:\/\/hainaut.sudradio.net\/wp-content\/uploads\/2021\/01\/les_infos_insta20-1024x1024.png 1024w, https:\/\/hainaut.sudradio.net\/wp-content\/uploads\/2021\/01\/les_infos_insta20-150x150.png 150w, https:\/\/hainaut.sudradio.net\/wp-content\/uploads\/2021\/01\/les_infos_insta20-768x768.png 768w\" sizes=\"auto, (max-width: 200px) 100vw, 200px\" \/> <img loading=\"lazy\" decoding=\"async\" width=\"200\" height=\"200\" class=\"wp-image-743\" style=\"width: 200px;\" src=\"https:\/\/hainaut.sudradio.net\/wp-content\/uploads\/2020\/11\/Horoscope_insta20.png\" alt=\"\" srcset=\"https:\/\/hainaut.sudradio.net\/wp-content\/uploads\/2020\/11\/Horoscope_insta20.png 1080w, https:\/\/hainaut.sudradio.net\/wp-content\/uploads\/2020\/11\/Horoscope_insta20-300x300.png 300w, https:\/\/hainaut.sudradio.net\/wp-content\/uploads\/2020\/11\/Horoscope_insta20-1024x1024.png 1024w, https:\/\/hainaut.sudradio.net\/wp-content\/uploads\/2020\/11\/Horoscope_insta20-150x150.png 150w, https:\/\/hainaut.sudradio.net\/wp-content\/uploads\/2020\/11\/Horoscope_insta20-768x768.png 768w\" sizes=\"auto, (max-width: 200px) 100vw, 200px\" \/><br><br><br><br><img decoding=\"async\" src=\"https:\/\/hainaut.sudradio.net\/wp-content\/uploads\/2020\/06\/conseilsante_insta.png\" alt=\"\" style=\"width: 200px;\"><br><br><br><br><\/td><td class=\"has-text-align-left\" data-align=\"left\"><strong>00h30 :<\/strong> Rediffusion de La Belgique a du talent <br><strong>05h30 :<\/strong> A vos agendas \/ Sortez de chez vous<br><br><span class=\"has-inline-color has-black-color\"><strong>06h00 \u2013 10h00 : Pablo<\/strong><\/span><br><span class=\"has-inline-color has-vivid-red-color\">06h00 :<\/span> M\u00e9t\u00e9o &#8211; Infos<br><span class=\"has-inline-color has-black-color\">06h10 : Horoscope<\/span><br><span class=\"has-inline-color has-vivid-red-color\">06h30 :<\/span> M\u00e9t\u00e9o &#8211; Info trafic &#8211; Infos (Sud Radio Hainaut)<span class=\"has-inline-color has-black-color\"><br>06h50 : L\u2019\u00e9ph\u00e9m\u00e9rid<\/span>e<br>07h00 : Le Croissant Show (Pablo + chroniqueurs)<br><span class=\"has-inline-color has-vivid-red-color\">07h00 :<\/span> M\u00e9t\u00e9o \u2013 Infos<br>07h10 : Horoscope<br>07h20 : L&rsquo;info People avec Largo<br><span class=\"has-inline-color has-vivid-red-color\">07h30 : <\/span>M\u00e9t\u00e9o &#8211; Info trafic &#8211; Infos (Sud Radio Hainaut)<br>07h45 : Le Pourquoi dit-on avec Charlie<br><span class=\"has-inline-color has-vivid-red-color\">08h00<\/span> <span class=\"has-inline-color has-vivid-red-color\">:<\/span> M\u00e9t\u00e9o \u2013 Infos<br>08h10 : Les AmisVersaires<br>08h15 : Horoscope<br>08h20 : A vos agendas \/ Sortez de chez vous sur Sud Radio Belgique<br><span class=\"has-inline-color has-vivid-red-color\">07h30 :<\/span> M\u00e9t\u00e9o &#8211; Info trafic &#8211; Infos (Sud Radio Hainaut)<br>08h45 : Le Conseil Sant\u00e9 avec V\u00e9ronique<br><span class=\"has-inline-color has-vivid-red-color\">09h00 : <\/span>M\u00e9t\u00e9o &#8211; Infos<br>09h20 : Destination S\u00e9ries avec Pablo<br>09h40 : <br><strong>Lundi :<\/strong> Bien dans ses pattes<br><strong>Mardi <\/strong>: La minute du coach<br><strong>Mercredi<\/strong> : Les Grandes Lignes<br><strong>Jeudi et vendredi : <\/strong>La Belle Adresse de Pablo<\/td><\/tr><tr><td class=\"has-text-align-center\" data-align=\"center\"><\/td><td class=\"has-text-align-left\" data-align=\"left\"><strong>10h00 \u2013 13h00 : Charlie<\/strong><br><span class=\"has-inline-color has-vivid-red-color\">10h30 :<\/span> Le Quiz de Charlie<br><span class=\"has-inline-color has-vivid-red-color\">11h30<\/span> <span class=\"has-inline-color has-vivid-red-color\">:<\/span> A vos agendas \/ Sortez de chez vous sur Sud Radio Belgique<br><span class=\"has-inline-color has-vivid-red-color\">12h00<\/span> <span class=\"has-inline-color has-vivid-red-color\">:<\/span> M\u00e9t\u00e9o \u2013 Infos<\/td><\/tr><tr><td class=\"has-text-align-center\" data-align=\"center\"><img decoding=\"async\" src=\"https:\/\/hainaut.sudradio.net\/wp-content\/uploads\/2021\/10\/Destination_serie.gif\" style=\"width: 200px;\"><br><br><br><\/td><td class=\"has-text-align-left\" data-align=\"left\"><strong>13h00 \u2013 17h00 : Jihem<\/strong><br><span class=\"has-inline-color has-vivid-red-color\">13h00<\/span> : M\u00e9t\u00e9o &#8211; Infos<br><span class=\"has-inline-color has-vivid-red-color\">14h00<\/span> : Le journal des bonnes nouvelles<br><strong>Mercredi :<\/strong> Clap Cin\u00e9 avec Andr\u00e9 Ceuterick <br><span class=\"has-inline-color has-vivid-red-color\">15h30<\/span> <span class=\"has-inline-color has-vivid-red-color\">:<\/span> Destination S\u00e9ries avec Pablo<br><span class=\"has-inline-color has-vivid-red-color\">16h00 : <\/span>M\u00e9t\u00e9o &#8211; Infos<br><span class=\"has-inline-color has-vivid-red-color\">16h30 : <\/span>A vos agendas \/ Sortez de chez vous sur Sud Radio Belgique<\/td><\/tr><tr><td class=\"has-text-align-center\" data-align=\"center\"><\/td><td class=\"has-text-align-left\" data-align=\"left\"><strong>17h00 \u2013 20h00 : <\/strong>Largo<br><span class=\"has-inline-color has-vivid-red-color\">17h00<\/span> <span class=\"has-inline-color has-vivid-red-color\">:<\/span> M\u00e9t\u00e9o &#8211; Le journal des r\u00e9gions \/ M\u00e9t\u00e9o &#8211; Infos sur Sud Radio Belgique<br><span class=\"has-inline-color has-vivid-red-color\">17h30<\/span> <span class=\"has-inline-color has-vivid-red-color\">:<\/span> La Belgique a du talent avec Maryline (A partir du 15 septembre<br><span class=\"has-inline-color has-vivid-red-color\">18h00<\/span> <span class=\"has-inline-color has-vivid-red-color\">:<\/span> M\u00e9t\u00e9o \u2013 Infos<\/td><\/tr><tr><td class=\"has-text-align-center\" data-align=\"center\"><\/td><td class=\"has-text-align-left\" data-align=\"left\"><br><strong>20h00 \u2013 24h00 :  LNA<\/strong><br><br><strong>Mercredi 20h &#8211; 22h<\/strong> : Rediffusion de l&rsquo;interview du Croissant Show<br><strong>Vendredi : <\/strong>Les Ann\u00e9es Vinyles<\/td><\/tr><\/tbody><\/table><\/figure>\n\n\n\n<p><\/p>\n\n\n\n<h2 class=\"wp-block-heading\">Programme du week-end<\/h2>\n\n\n\n<p>Tout le week-end : best of d\u2019un artiste<\/p>\n\n\n\n<h2 class=\"wp-block-heading\">Samedi<\/h2>\n\n\n\n<figure class=\"wp-block-table estGrillePrg\"><table class=\"has-fixed-layout\"><tbody><tr><td class=\"has-text-align-center\" data-align=\"center\"><img loading=\"lazy\" decoding=\"async\" width=\"200\" height=\"200\" class=\"wp-image-1962\" style=\"width: 200px;\" src=\"https:\/\/hainaut.sudradio.net\/wp-content\/uploads\/2021\/01\/les_infos_insta20.png\" alt=\"\" srcset=\"https:\/\/hainaut.sudradio.net\/wp-content\/uploads\/2021\/01\/les_infos_insta20.png 1080w, https:\/\/hainaut.sudradio.net\/wp-content\/uploads\/2021\/01\/les_infos_insta20-300x300.png 300w, https:\/\/hainaut.sudradio.net\/wp-content\/uploads\/2021\/01\/les_infos_insta20-1024x1024.png 1024w, https:\/\/hainaut.sudradio.net\/wp-content\/uploads\/2021\/01\/les_infos_insta20-150x150.png 150w, https:\/\/hainaut.sudradio.net\/wp-content\/uploads\/2021\/01\/les_infos_insta20-768x768.png 768w\" sizes=\"auto, (max-width: 200px) 100vw, 200px\" \/><\/td><td class=\"has-text-align-left\" data-align=\"left\"><strong>07h00 \u2013 10h00 : Charlie<\/strong><br>07h10 : Horoscope<br>07h45 : L&rsquo;\u00e9ph\u00e9m\u00e9ride<br>08h10 : Horoscope<br>08h20 : L&rsquo;agenda du week-end<br>08h25 : Happy Birthday<br>09h10 : Horoscope<br>09h20 : L\u2019agenda du week-end<\/td><\/tr><tr><td class=\"has-text-align-center\" data-align=\"center\"><img decoding=\"async\" src=\"https:\/\/hainaut.sudradio.net\/wp-content\/uploads\/2021\/10\/Destination_serie.gif\" style=\"width: 200px;\"><br><br><img loading=\"lazy\" decoding=\"async\" width=\"200\" height=\"200\" class=\"wp-image-2157\" style=\"width: 200px;\" src=\"https:\/\/hainaut.sudradio.net\/wp-content\/uploads\/2021\/01\/saturday_music_show_insta-1.jpg\" alt=\"\" srcset=\"https:\/\/hainaut.sudradio.net\/wp-content\/uploads\/2021\/01\/saturday_music_show_insta-1.jpg 1000w, https:\/\/hainaut.sudradio.net\/wp-content\/uploads\/2021\/01\/saturday_music_show_insta-1-300x300.jpg 300w, https:\/\/hainaut.sudradio.net\/wp-content\/uploads\/2021\/01\/saturday_music_show_insta-1-150x150.jpg 150w, https:\/\/hainaut.sudradio.net\/wp-content\/uploads\/2021\/01\/saturday_music_show_insta-1-768x768.jpg 768w\" sizes=\"auto, (max-width: 200px) 100vw, 200px\" \/><img loading=\"lazy\" decoding=\"async\" width=\"200\" height=\"200\" class=\"wp-image-1974\" style=\"width: 200px;\" src=\"https:\/\/hainaut.sudradio.net\/wp-content\/uploads\/2021\/01\/sudradio_discoteca_19_insta.png\" alt=\"\" srcset=\"https:\/\/hainaut.sudradio.net\/wp-content\/uploads\/2021\/01\/sudradio_discoteca_19_insta.png 1080w, https:\/\/hainaut.sudradio.net\/wp-content\/uploads\/2021\/01\/sudradio_discoteca_19_insta-300x300.png 300w, https:\/\/hainaut.sudradio.net\/wp-content\/uploads\/2021\/01\/sudradio_discoteca_19_insta-1024x1024.png 1024w, https:\/\/hainaut.sudradio.net\/wp-content\/uploads\/2021\/01\/sudradio_discoteca_19_insta-150x150.png 150w, https:\/\/hainaut.sudradio.net\/wp-content\/uploads\/2021\/01\/sudradio_discoteca_19_insta-768x768.png 768w\" sizes=\"auto, (max-width: 200px) 100vw, 200px\" \/><\/td><td class=\"has-text-align-left\" data-align=\"left\"><br><strong>10h00 \u2013 14h00 : LNA<\/strong><br>10h20 : L\u2019agenda du week-end<br><span class=\"has-inline-color has-vivid-red-color\">10h30 :<\/span> Le truc \u00e0 Mamy<br>11h20 : l&rsquo;agenda du week-end<br><br><strong>14h00 \u2013 17h00 :<\/strong> <strong>Largo<\/strong><br><span class=\"has-inline-color has-vivid-red-color\">15h30<\/span> : Destination S\u00e9ries avec Pablo<br><span class=\"has-inline-color has-vivid-red-color\">16h00<\/span> : L&rsquo;heure belge avec B.O.B \u00e0 16h30<br><br><strong>17h00 \u2013 20h00 : Jihem<\/strong><br><br><br><strong>20h00 \u2013 24h00 : Louis &#8211; \u00ab\u00a0SMS\u00a0\u00bb<\/strong><br><br><br><strong>24h00 \u2013 02h00 : Sud Radio Discoteca<\/strong> : <br><span class=\"has-inline-color has-vivid-red-color\">24h00<\/span> <span class=\"has-inline-color has-vivid-red-color\">&#8211; 01h00<\/span> : Bob Sinclar Show<br><span class=\"has-inline-color has-vivid-red-color\">01h00 &#8211; 02h00<\/span> : Dave Lambert In The Mix<\/td><\/tr><\/tbody><\/table><\/figure>\n\n\n\n<h2 class=\"wp-block-heading\">Dimanche<\/h2>\n\n\n\n<div class=\"wp-block-group\"><div class=\"wp-block-group__inner-container is-layout-flow wp-block-group-is-layout-flow\">\n<figure class=\"wp-block-table estGrillePrg\"><table class=\"has-fixed-layout\"><tbody><tr><td class=\"has-text-align-center\" data-align=\"center\"><img loading=\"lazy\" decoding=\"async\" width=\"200\" height=\"200\" class=\"wp-image-743\" style=\"width: 200px;\" src=\"https:\/\/hainaut.sudradio.net\/wp-content\/uploads\/2020\/11\/Horoscope_insta20.png\" alt=\"\" srcset=\"https:\/\/hainaut.sudradio.net\/wp-content\/uploads\/2020\/11\/Horoscope_insta20.png 1080w, https:\/\/hainaut.sudradio.net\/wp-content\/uploads\/2020\/11\/Horoscope_insta20-300x300.png 300w, https:\/\/hainaut.sudradio.net\/wp-content\/uploads\/2020\/11\/Horoscope_insta20-1024x1024.png 1024w, https:\/\/hainaut.sudradio.net\/wp-content\/uploads\/2020\/11\/Horoscope_insta20-150x150.png 150w, https:\/\/hainaut.sudradio.net\/wp-content\/uploads\/2020\/11\/Horoscope_insta20-768x768.png 768w\" sizes=\"auto, (max-width: 200px) 100vw, 200px\" \/><\/td><td><strong>07h00 \u2013 11h00 : Charlie<\/strong><br>07h10 : Horoscope<br>07h45 : L&rsquo;\u00e9ph\u00e9m\u00e9ride<br>08h10 : Horoscope<br>08h20 : Happy Birthday<br>09h10 : Horoscope<br>09h20 : L\u2019agenda du week-end<br>10h20 : L&rsquo;agenda du week-end<br><span class=\"has-inline-color has-vivid-red-color\">10h30 :<\/span> Le truc \u00e0 Mamy<br><\/td><\/tr><tr><td class=\"has-text-align-center\" data-align=\"center\"><img decoding=\"async\" src=\"https:\/\/hainaut.sudradio.net\/wp-content\/uploads\/2021\/10\/Destination_serie.gif\" style=\"width: 200px;\"><img loading=\"lazy\" decoding=\"async\" width=\"200\" height=\"200\" class=\"wp-image-1975\" style=\"width: 200px;\" src=\"https:\/\/hainaut.sudradio.net\/wp-content\/uploads\/2021\/01\/swimming_pool_insta.jpg\" alt=\"\" srcset=\"https:\/\/hainaut.sudradio.net\/wp-content\/uploads\/2021\/01\/swimming_pool_insta.jpg 1000w, https:\/\/hainaut.sudradio.net\/wp-content\/uploads\/2021\/01\/swimming_pool_insta-300x300.jpg 300w, https:\/\/hainaut.sudradio.net\/wp-content\/uploads\/2021\/01\/swimming_pool_insta-150x150.jpg 150w, https:\/\/hainaut.sudradio.net\/wp-content\/uploads\/2021\/01\/swimming_pool_insta-768x768.jpg 768w\" sizes=\"auto, (max-width: 200px) 100vw, 200px\" \/><\/td><td><strong>11h00 \u2013 14h00 : Largo<\/strong><br><br><span class=\"has-inline-color has-vivid-red-color\">11h00 &#8211; 13h00 : <\/span>Chantons Fran\u00e7ais avec Largo<br><br><strong>14h00 &#8211; 18h00 : LNA<\/strong><br><span class=\"has-inline-color has-vivid-red-color\">15h30<\/span> : Destination S\u00e9ries avec Pablo<br><span class=\"has-inline-color has-vivid-red-color\">16h30 : <\/span>Le B.O.B.<br><br><strong>18h00 \u2013 21h00 : Louis<\/strong><br><br><strong>21h00 \u2013 23h00 : Swimming Pool<\/strong> <strong>uniquement sur Sud Radio Belgique<\/strong><\/td><\/tr><\/tbody><\/table><\/figure>\n<\/div><\/div>\n","protected":false},"excerpt":{"rendered":"<p>Programme de la semaine 00h30 : Rediffusion de La Belgique a du talent 05h30 : A vos agendas \/ Sortez de chez vous 06h00 \u2013 10h00 : Pablo06h00 : M\u00e9t\u00e9o &#8211; Infos06h10 : Horoscope06h30 : M\u00e9t\u00e9o &#8211; Info trafic &#8211; Infos (Sud Radio Hainaut)06h50 : L\u2019\u00e9ph\u00e9m\u00e9ride07h00 : Le Croissant Show (Pablo + chroniqueurs)07h00 : M\u00e9t\u00e9o [&hellip;]<\/p>\n","protected":false},"author":1,"featured_media":0,"parent":0,"menu_order":0,"comment_status":"closed","ping_status":"closed","template":"","meta":{"footnotes":""},"class_list":["post-4732","page","type-page","status-publish","hentry"],"_links":{"self":[{"href":"https:\/\/hainaut.sudradio.net\/index.php?rest_route=\/wp\/v2\/pages\/4732","targetHints":{"allow":["GET"]}}],"collection":[{"href":"https:\/\/hainaut.sudradio.net\/index.php?rest_route=\/wp\/v2\/pages"}],"about":[{"href":"https:\/\/hainaut.sudradio.net\/index.php?rest_route=\/wp\/v2\/types\/page"}],"author":[{"embeddable":true,"href":"https:\/\/hainaut.sudradio.net\/index.php?rest_route=\/wp\/v2\/users\/1"}],"replies":[{"embeddable":true,"href":"https:\/\/hainaut.sudradio.net\/index.php?rest_route=%2Fwp%2Fv2%2Fcomments&post=4732"}],"version-history":[{"count":65,"href":"https:\/\/hainaut.sudradio.net\/index.php?rest_route=\/wp\/v2\/pages\/4732\/revisions"}],"predecessor-version":[{"id":34977,"href":"https:\/\/hainaut.sudradio.net\/index.php?rest_route=\/wp\/v2\/pages\/4732\/revisions\/34977"}],"wp:attachment":[{"href":"https:\/\/hainaut.sudradio.net\/index.php?rest_route=%2Fwp%2Fv2%2Fmedia&parent=4732"}],"curies":[{"name":"wp","href":"https:\/\/api.w.org\/{rel}","templated":true}]}}